{"id":28790,"date":"2025-03-31T18:41:14","date_gmt":"2025-03-31T16:41:14","guid":{"rendered":"https:\/\/fish-festival.de\/?page_id=28790"},"modified":"2025-04-01T11:45:29","modified_gmt":"2025-04-01T09:45:29","slug":"jury-offshorts","status":"publish","type":"page","link":"https:\/\/fish-festival.de\/en\/jury-offshorts\/","title":{"rendered":"Jury OFFShorts"},"content":{"rendered":"<div class=\"fusion-fullwidth fullwidth-box fusion-builder-row-1 nonhundred-percent-fullwidth non-hundred-percent-height-scrolling\" style=\"background-color: rgba(255,255,255,0);background-position: center center;background-repeat: no-repeat;padding-top:0px;padding-right:0px;padding-bottom:0px;padding-left:0px;margin-bottom: 0px;margin-top: 0px;border-width: 0px 0px 0px 0px;border-color:#eae9e9;border-style:solid;\" ><div class=\"fusion-builder-row fusion-row\"><div class=\"fusion-layout-column fusion_builder_column fusion-builder-column-0 fusion_builder_column_1_1 1_1 fusion-one-full fusion-column-first fusion-column-last\" style=\"margin-top:0px;margin-bottom:0px;\"><div class=\"fusion-column-wrapper fusion-flex-column-wrapper-legacy\" style=\"background-position:left top;background-blend-mode: overlay;background-repeat:no-repeat;-webkit-background-size:cover;-moz-background-size:cover;-o-background-size:cover;background-size:cover;padding: 0px 0px 0px 0px;\"><style type=\"text\/css\"><\/style><div class=\"fusion-title title fusion-title-1 fusion-sep-none fusion-title-text fusion-title-size-one\" style=\"margin-top:0px;margin-right:0px;margin-bottom:30px;margin-left:0px;\"><h1 class=\"title-heading-left\" style=\"margin:0;\"><strong>Jury <\/strong>| OFFshorts &#8211; Young Baltic Cinema<\/h1><\/div><div class=\"fusion-clearfix\"><\/div><\/div><\/div><\/div><\/div><div class=\"fusion-fullwidth fullwidth-box fusion-builder-row-2 nonhundred-percent-fullwidth non-hundred-percent-height-scrolling\" style=\"background-color: rgba(255,255,255,0);background-position: center center;background-repeat: no-repeat;padding-top:0px;padding-right:0px;padding-bottom:50px;padding-left:0px;margin-bottom: 0px;margin-top: 50px;border-width: 0px 0px 0px 0px;border-color:#eae9e9;border-style:solid;\" ><div class=\"fusion-builder-row fusion-row\"><div class=\"fusion-layout-column fusion_builder_column fusion-builder-column-1 fusion_builder_column_1_4 1_4 fusion-one-fourth fusion-column-first\" style=\"width:25%;width:calc(25% - ( ( 4% ) * 0.25 ) );margin-right: 4%;margin-top:0px;margin-bottom:0px;\"><div class=\"fusion-column-wrapper fusion-flex-column-wrapper-legacy\" style=\"background-position:left top;background-blend-mode: overlay;background-repeat:no-repeat;-webkit-background-size:cover;-moz-background-size:cover;-o-background-size:cover;background-size:cover;padding: 0px 0px 0px 0px;\"><style>.fusion-imageframe.imageframe-1 img{aspect-ratio:2 \/ 3;}<\/style><span class=\" fusion-imageframe imageframe-none imageframe-1 hover-type-none has-aspect-ratio\"><img decoding=\"async\" width=\"200\" height=\"300\" title=\"Bahar Bektas\" src=\"https:\/\/fish-festival.de\/wp-content\/uploads\/2025\/03\/Bahar-Bektas.jpg\" data-orig-src=\"https:\/\/fish-festival.de\/wp-content\/uploads\/2025\/03\/Bahar-Bektas-200x300.jpg\" class=\"lazyload img-responsive wp-image-28571 img-with-aspect-ratio\" alt srcset=\"data:image\/svg+xml,%3Csvg%20xmlns%3D%27http%3A%2F%2Fwww.w3.org%2F2000%2Fsvg%27%20width%3D%271333%27%20height%3D%272000%27%20viewBox%3D%270%200%201333%202000%27%3E%3Crect%20width%3D%271333%27%20height%3D%272000%27%20fill-opacity%3D%220%22%2F%3E%3C%2Fsvg%3E\" data-srcset=\"https:\/\/fish-festival.de\/wp-content\/uploads\/2025\/03\/Bahar-Bektas-200x300.jpg 200w, https:\/\/fish-festival.de\/wp-content\/uploads\/2025\/03\/Bahar-Bektas-400x600.jpg 400w, https:\/\/fish-festival.de\/wp-content\/uploads\/2025\/03\/Bahar-Bektas-600x900.jpg 600w, https:\/\/fish-festival.de\/wp-content\/uploads\/2025\/03\/Bahar-Bektas-800x1200.jpg 800w, https:\/\/fish-festival.de\/wp-content\/uploads\/2025\/03\/Bahar-Bektas-1200x1800.jpg 1200w, https:\/\/fish-festival.de\/wp-content\/uploads\/2025\/03\/Bahar-Bektas.jpg 1333w\" data-sizes=\"auto\" data-orig-sizes=\"(max-width: 1023px) 100vw, 400px\" \/><\/span><div class=\"fusion-clearfix\"><\/div><\/div><\/div><div class=\"fusion-layout-column fusion_builder_column fusion-builder-column-2 fusion_builder_column_3_4 3_4 fusion-three-fourth fusion-column-last\" style=\"width:75%;width:calc(75% - ( ( 4% ) * 0.75 ) );margin-top:0px;margin-bottom:0px;\"><div class=\"fusion-column-wrapper fusion-flex-column-wrapper-legacy\" style=\"background-position:left top;background-blend-mode: overlay;background-repeat:no-repeat;-webkit-background-size:cover;-moz-background-size:cover;-o-background-size:cover;background-size:cover;padding: 0px 0px 0px 0px;\"><style type=\"text\/css\"><\/style><div class=\"fusion-title title fusion-title-2 fusion-sep-none fusion-title-text fusion-title-size-three\" style=\"margin-top:0px;margin-right:0px;margin-bottom:0px;margin-left:0px;\"><h3 class=\"title-heading-left\" style=\"margin:0;\"><b>Bahar Bekta\u015f<\/b><\/h3><\/div><div class=\"fusion-text fusion-text-1\" style=\"margin-top:15px;\"><div class=\"page\" title=\"Page 67\">\n<div class=\"layoutArea\">\n<div class=\"column\">\n<p><span style=\"font-weight: 400;\">Writer and Director | lives in Berlin<\/span><\/p>\n<\/div>\n<\/div>\n<\/div>\n<\/div><div class=\"fusion-text fusion-text-2\"><p>Bahar studied screenwriting\/dramaturgy and social pedagogy. In her work, the filmmaker has dedicated herself to the mission of uniting film and social issues. She has worked as a writer for series such as MADE IN GERMANY and A BETTER PLACE. The film VERR\u00dcCKTES BLUT, for which she co-wrote the screenplay, won the Jury Short Film Award at the Hof Film Festival. With her documentary debut EXILE NEVER ENDS, she won the Hessian Film Award and is currently nominated for the Grimme Award 2025.<\/p>\n<\/div><div class=\"fusion-sep-clear\"><\/div><div class=\"fusion-separator fusion-full-width-sep\" style=\"margin-left: auto;margin-right: auto;margin-bottom:20px;width:100%;\"><\/div><div class=\"fusion-sep-clear\"><\/div><div class=\"fusion-clearfix\"><\/div><\/div><\/div><\/div><\/div><div class=\"fusion-fullwidth fullwidth-box fusion-builder-row-3 nonhundred-percent-fullwidth non-hundred-percent-height-scrolling\" style=\"background-color: rgba(255,255,255,0);background-position: center center;background-repeat: no-repeat;padding-top:0px;padding-right:0px;padding-bottom:50px;padding-left:0px;margin-bottom: 0px;margin-top: 50px;border-width: 0px 0px 0px 0px;border-color:#eae9e9;border-style:solid;\" ><div class=\"fusion-builder-row fusion-row\"><div class=\"fusion-layout-column fusion_builder_column fusion-builder-column-3 fusion_builder_column_1_4 1_4 fusion-one-fourth fusion-column-first\" style=\"width:25%;width:calc(25% - ( ( 4% ) * 0.25 ) );margin-right: 4%;margin-top:0px;margin-bottom:0px;\"><div class=\"fusion-column-wrapper fusion-flex-column-wrapper-legacy\" style=\"background-position:left top;background-blend-mode: overlay;background-repeat:no-repeat;-webkit-background-size:cover;-moz-background-size:cover;-o-background-size:cover;background-size:cover;padding: 0px 0px 0px 0px;\"><style>.fusion-imageframe.imageframe-2 img{aspect-ratio:2 \/ 3;object-position:37% 49%;}<\/style><span class=\" fusion-imageframe imageframe-none imageframe-2 hover-type-none has-aspect-ratio\"><img decoding=\"async\" width=\"300\" height=\"292\" title=\"Jamila Wenske\" src=\"https:\/\/fish-festival.de\/wp-content\/uploads\/2025\/03\/Jamila-Wenske.jpg\" data-orig-src=\"https:\/\/fish-festival.de\/wp-content\/uploads\/2025\/03\/Jamila-Wenske-300x292.jpg\" class=\"lazyload img-responsive wp-image-28576 img-with-aspect-ratio\" alt srcset=\"data:image\/svg+xml,%3Csvg%20xmlns%3D%27http%3A%2F%2Fwww.w3.org%2F2000%2Fsvg%27%20width%3D%271346%27%20height%3D%271309%27%20viewBox%3D%270%200%201346%201309%27%3E%3Crect%20width%3D%271346%27%20height%3D%271309%27%20fill-opacity%3D%220%22%2F%3E%3C%2Fsvg%3E\" data-srcset=\"https:\/\/fish-festival.de\/wp-content\/uploads\/2025\/03\/Jamila-Wenske-200x195.jpg 200w, https:\/\/fish-festival.de\/wp-content\/uploads\/2025\/03\/Jamila-Wenske-400x389.jpg 400w, https:\/\/fish-festival.de\/wp-content\/uploads\/2025\/03\/Jamila-Wenske-600x584.jpg 600w, https:\/\/fish-festival.de\/wp-content\/uploads\/2025\/03\/Jamila-Wenske-800x778.jpg 800w, https:\/\/fish-festival.de\/wp-content\/uploads\/2025\/03\/Jamila-Wenske-1200x1167.jpg 1200w, https:\/\/fish-festival.de\/wp-content\/uploads\/2025\/03\/Jamila-Wenske.jpg 1346w\" data-sizes=\"auto\" data-orig-sizes=\"(max-width: 1023px) 100vw, 400px\" \/><\/span><div class=\"fusion-clearfix\"><\/div><\/div><\/div><div class=\"fusion-layout-column fusion_builder_column fusion-builder-column-4 fusion_builder_column_3_4 3_4 fusion-three-fourth fusion-column-last\" style=\"width:75%;width:calc(75% - ( ( 4% ) * 0.75 ) );margin-top:0px;margin-bottom:0px;\"><div class=\"fusion-column-wrapper fusion-flex-column-wrapper-legacy\" style=\"background-position:left top;background-blend-mode: overlay;background-repeat:no-repeat;-webkit-background-size:cover;-moz-background-size:cover;-o-background-size:cover;background-size:cover;padding: 0px 0px 0px 0px;\"><style type=\"text\/css\"><\/style><div class=\"fusion-title title fusion-title-3 fusion-sep-none fusion-title-text fusion-title-size-three\" style=\"margin-top:0px;margin-right:0px;margin-bottom:0px;margin-left:0px;\"><h3 class=\"title-heading-left\" style=\"margin:0;\"><b>Jamila Wenske<\/b><\/h3><\/div><div class=\"fusion-text fusion-text-3\" style=\"margin-top:15px;\"><p>Film producer and CEO of ACHTUNG PANDA! | born 1975 | lives in Gristow, Berlin and Freiburg<\/p>\n<\/div><div class=\"fusion-text fusion-text-4\"><p>Jamila studied at the Film University Babelsberg and L&#8217;ATELIER Paris-Ludwigsburg. Her successes include ELLBOGEN by Asl\u0131 \u00d6zarslan (Berlinale 2024), Juho Kuosmanens COMPARTMENT NR.6 (Grand Prix Cannes 2020) and DER GL\u00dcCKLICHSTE TAG IM LEBEN DES OLLI M\u00c4KI (UCR Cannes 2016). In 2018 she was awarded PRODUCER TO WATCH by Variety and participated in the 1st Female Leadership Program SHIFT. In 2022, Screen International selected her production company as one of EUROPE&#8217;S 75 leading independent producers.<\/p>\n<\/div><div class=\"fusion-sep-clear\"><\/div><div class=\"fusion-separator fusion-full-width-sep\" style=\"margin-left: auto;margin-right: auto;margin-bottom:20px;width:100%;\"><\/div><div class=\"fusion-sep-clear\"><\/div><div class=\"fusion-clearfix\"><\/div><\/div><\/div><\/div><\/div><div class=\"fusion-fullwidth fullwidth-box fusion-builder-row-4 nonhundred-percent-fullwidth non-hundred-percent-height-scrolling\" style=\"background-color: rgba(255,255,255,0);background-position: center center;background-repeat: no-repeat;padding-top:0px;padding-right:0px;padding-bottom:50px;padding-left:0px;margin-bottom: 0px;margin-top: 50px;border-width: 0px 0px 0px 0px;border-color:#eae9e9;border-style:solid;\" ><div class=\"fusion-builder-row fusion-row\"><div class=\"fusion-layout-column fusion_builder_column fusion-builder-column-5 fusion_builder_column_1_4 1_4 fusion-one-fourth fusion-column-first\" style=\"width:25%;width:calc(25% - ( ( 4% ) * 0.25 ) );margin-right: 4%;margin-top:0px;margin-bottom:0px;\"><div class=\"fusion-column-wrapper fusion-flex-column-wrapper-legacy\" style=\"background-position:left top;background-blend-mode: overlay;background-repeat:no-repeat;-webkit-background-size:cover;-moz-background-size:cover;-o-background-size:cover;background-size:cover;padding: 0px 0px 0px 0px;\"><style>.fusion-imageframe.imageframe-3 img{aspect-ratio:2 \/ 3;}<\/style><span class=\" fusion-imageframe imageframe-none imageframe-3 hover-type-none has-aspect-ratio\"><img decoding=\"async\" width=\"682\" height=\"1024\" title=\"(c)-maria-svidryk\" src=\"https:\/\/fish-festival.de\/wp-content\/uploads\/2025\/03\/c-maria-svidryk.jpeg\" data-orig-src=\"https:\/\/fish-festival.de\/wp-content\/uploads\/2025\/03\/c-maria-svidryk-682x1024.jpeg\" class=\"lazyload img-responsive wp-image-28786 img-with-aspect-ratio\" alt srcset=\"data:image\/svg+xml,%3Csvg%20xmlns%3D%27http%3A%2F%2Fwww.w3.org%2F2000%2Fsvg%27%20width%3D%27853%27%20height%3D%271280%27%20viewBox%3D%270%200%20853%201280%27%3E%3Crect%20width%3D%27853%27%20height%3D%271280%27%20fill-opacity%3D%220%22%2F%3E%3C%2Fsvg%3E\" data-srcset=\"https:\/\/fish-festival.de\/wp-content\/uploads\/2025\/03\/c-maria-svidryk-200x300.jpeg 200w, https:\/\/fish-festival.de\/wp-content\/uploads\/2025\/03\/c-maria-svidryk-400x600.jpeg 400w, https:\/\/fish-festival.de\/wp-content\/uploads\/2025\/03\/c-maria-svidryk-600x900.jpeg 600w, https:\/\/fish-festival.de\/wp-content\/uploads\/2025\/03\/c-maria-svidryk-800x1200.jpeg 800w, https:\/\/fish-festival.de\/wp-content\/uploads\/2025\/03\/c-maria-svidryk.jpeg 853w\" data-sizes=\"auto\" data-orig-sizes=\"(max-width: 1023px) 100vw, 400px\" \/><\/span><div class=\"fusion-clearfix\"><\/div><\/div><\/div><div class=\"fusion-layout-column fusion_builder_column fusion-builder-column-6 fusion_builder_column_3_4 3_4 fusion-three-fourth fusion-column-last\" style=\"width:75%;width:calc(75% - ( ( 4% ) * 0.75 ) );margin-top:0px;margin-bottom:0px;\"><div class=\"fusion-column-wrapper fusion-flex-column-wrapper-legacy\" style=\"background-position:left top;background-blend-mode: overlay;background-repeat:no-repeat;-webkit-background-size:cover;-moz-background-size:cover;-o-background-size:cover;background-size:cover;padding: 0px 0px 0px 0px;\"><style type=\"text\/css\"><\/style><div class=\"fusion-title title fusion-title-4 fusion-sep-none fusion-title-text fusion-title-size-three\" style=\"margin-top:0px;margin-right:0px;margin-bottom:0px;margin-left:0px;\"><h3 class=\"title-heading-left\" style=\"margin:0;\"><b>Jakob Kijas<\/b><\/h3><\/div><div class=\"fusion-text fusion-text-5\" style=\"margin-top:15px;\"><p>Distributor | born 1983 | lives in Berlin<\/p>\n<\/div><div class=\"fusion-text fusion-text-6\"><p>Jakob founded the distribution company eksystent Filmverleih in 2015, which specializes in independent films with exceptional aesthetic standards. The distribution company&#8217;s commitment was honored by the DEFA Foundation with the Program Award and also received the Innovation Award from the German Film Critics&#8217; Association.<\/p>\n<\/div><div class=\"fusion-sep-clear\"><\/div><div class=\"fusion-separator fusion-full-width-sep\" style=\"margin-left: auto;margin-right: auto;margin-bottom:20px;width:100%;\"><\/div><div class=\"fusion-sep-clear\"><\/div><div class=\"fusion-clearfix\"><\/div><\/div><\/div><\/div><\/div><div class=\"fusion-fullwidth fullwidth-box fusion-builder-row-5 nonhundred-percent-fullwidth non-hundred-percent-height-scrolling\" style=\"background-color: #e7b1d12;background-position: center center;background-repeat: no-repeat;padding-top:50px;padding-right:0px;padding-bottom:50px;padding-left:0px;margin-bottom: 0px;margin-top: 0px;border-width: 0px 0px 0px 0px;border-color:#eae9e9;border-style:solid;\" ><div class=\"fusion-builder-row fusion-row\"><div class=\"fusion-layout-column fusion_builder_column fusion-builder-column-7 fusion_builder_column_1_1 1_1 fusion-one-full fusion-column-first fusion-column-last\" style=\"margin-top:0px;margin-bottom:0px;\"><div class=\"fusion-column-wrapper fusion-flex-column-wrapper-legacy\" style=\"background-position:left top;background-repeat:no-repeat;-webkit-background-size:cover;-moz-background-size:cover;-o-background-size:cover;background-size:cover;padding: 0px 0px 0px 0px;\"><div class=\"fusion-clearfix\"><\/div><\/div><\/div><div class=\"fusion-layout-column fusion_builder_column fusion-builder-column-8 fusion_builder_column_1_4 1_4 fusion-one-fourth fusion-column-first\" style=\"width:25%;width:calc(25% - ( ( 4% ) * 0.25 ) );margin-right: 4%;margin-top:0px;margin-bottom:0px;\"><div class=\"fusion-column-wrapper fusion-flex-column-wrapper-legacy\" style=\"background-position:left top;background-blend-mode: overlay;background-repeat:no-repeat;-webkit-background-size:cover;-moz-background-size:cover;-o-background-size:cover;background-size:cover;padding: 0px 0px 0px 0px;\"><style>.fusion-imageframe.imageframe-4 img{aspect-ratio:2 \/ 3;}<\/style><span class=\" fusion-imageframe imageframe-none imageframe-4 hover-type-none has-aspect-ratio\"><img decoding=\"async\" width=\"300\" height=\"300\" title=\"Jeanne Lehmann\" src=\"https:\/\/fish-festival.de\/wp-content\/uploads\/2025\/03\/Jeanne-Lehmann.jpg\" data-orig-src=\"https:\/\/fish-festival.de\/wp-content\/uploads\/2025\/03\/Jeanne-Lehmann-300x300.jpg\" class=\"lazyload img-responsive wp-image-28578 img-with-aspect-ratio\" alt srcset=\"data:image\/svg+xml,%3Csvg%20xmlns%3D%27http%3A%2F%2Fwww.w3.org%2F2000%2Fsvg%27%20width%3D%272137%27%20height%3D%272137%27%20viewBox%3D%270%200%202137%202137%27%3E%3Crect%20width%3D%272137%27%20height%3D%272137%27%20fill-opacity%3D%220%22%2F%3E%3C%2Fsvg%3E\" data-srcset=\"https:\/\/fish-festival.de\/wp-content\/uploads\/2025\/03\/Jeanne-Lehmann-200x200.jpg 200w, https:\/\/fish-festival.de\/wp-content\/uploads\/2025\/03\/Jeanne-Lehmann-400x400.jpg 400w, https:\/\/fish-festival.de\/wp-content\/uploads\/2025\/03\/Jeanne-Lehmann-600x600.jpg 600w, https:\/\/fish-festival.de\/wp-content\/uploads\/2025\/03\/Jeanne-Lehmann-800x800.jpg 800w, https:\/\/fish-festival.de\/wp-content\/uploads\/2025\/03\/Jeanne-Lehmann-1200x1200.jpg 1200w\" data-sizes=\"auto\" data-orig-sizes=\"(max-width: 1023px) 100vw, 400px\" \/><\/span><div class=\"fusion-clearfix\"><\/div><\/div><\/div><div class=\"fusion-layout-column fusion_builder_column fusion-builder-column-9 fusion_builder_column_3_4 3_4 fusion-three-fourth fusion-column-last\" style=\"width:75%;width:calc(75% - ( ( 4% ) * 0.75 ) );margin-top:0px;margin-bottom:0px;\"><div class=\"fusion-column-wrapper fusion-flex-column-wrapper-legacy\" style=\"background-position:left top;background-blend-mode: overlay;background-repeat:no-repeat;-webkit-background-size:cover;-moz-background-size:cover;-o-background-size:cover;background-size:cover;padding: 0px 0px 0px 0px;\"><style type=\"text\/css\"><\/style><div class=\"fusion-title title fusion-title-5 fusion-sep-none fusion-title-text fusion-title-size-three\" style=\"margin-top:0px;margin-right:0px;margin-bottom:0px;margin-left:0px;\"><h3 class=\"title-heading-left\" style=\"margin:0;\"><div class=\"page\" title=\"Page 68\">\n<div class=\"layoutArea\">\n<div class=\"column\">\n<p><strong>Jeanne Lehmann <\/strong>| Jury Moderation &nbsp;<\/p>\n<\/div>\n<p><\/div>\n<p><\/div>\n<p><\/h3><\/div><div class=\"fusion-text fusion-text-7\"><div class=\"page\" title=\"Page 68\">\n<div class=\"layoutArea\">\n<div class=\"column\">\n<div class=\"QcsUad BDJ8fb wneUed\">\n<div class=\"XL3Kf\">\n<div class=\"a8FIud X0rvP L6rCcb\">\n<div data-show-delay-ms=\"250\" data-append-to-body=\"false\" data-propagate-tooltip-mouseover-events=\"true\" data-anchor-corner=\"bottom-end\" data-enable-skip-handler=\"false\" data-popup-corner=\"top-end\">\n<div class=\"VfPpkd-Bz112c-RLmnJb\"><span style=\"font-weight: 400;\">Art historian | born 1994 | lives in Copenhagen<\/span><\/div>\n<\/p>\n<div><\/div>\n<\/p>\n<div><\/div>\n<\/div>\n<\/div>\n<\/div>\n<\/div>\n<\/div>\n<\/div>\n<\/div>\n<\/div><div class=\"fusion-text fusion-text-8\"><p>Jeanne works with sensitive photography at the intersection of anthropology and visual storytelling. She is the co-founder of 48h of Hygge, a time-based short film festival, and has a passion for visual culture and storytelling.<\/p>\n<\/div><div class=\"fusion-sep-clear\"><\/div><div class=\"fusion-separator fusion-has-icon fusion-full-width-sep\" style=\"margin-left: auto;margin-right: auto;margin-bottom:20px;width:100%;\"><\/div><div class=\"fusion-sep-clear\"><\/div><div class=\"fusion-clearfix\"><\/div><\/div><\/div><\/div><\/div><div class=\"fusion-fullwidth fullwidth-box fusion-builder-row-6 nonhundred-percent-fullwidth non-hundred-percent-height-scrolling\" style=\"background-color: #e7b1d12;background-position: center center;background-repeat: no-repeat;padding-top:50px;padding-right:0px;padding-bottom:50px;padding-left:0px;margin-bottom: 0px;margin-top: 0px;border-width: 0px 0px 0px 0px;border-color:#eae9e9;border-style:solid;\" ><div class=\"fusion-builder-row fusion-row\"><div class=\"fusion-layout-column fusion_builder_column fusion-builder-column-10 fusion_builder_column_1_1 1_1 fusion-one-full fusion-column-first fusion-column-last\" style=\"margin-top:0px;margin-bottom:0px;\"><div class=\"fusion-column-wrapper fusion-flex-column-wrapper-legacy\" style=\"background-position:left top;background-repeat:no-repeat;-webkit-background-size:cover;-moz-background-size:cover;-o-background-size:cover;background-size:cover;padding: 0px 0px 0px 0px;\"><div class=\"fusion-clearfix\"><\/div><\/div><\/div><div class=\"fusion-layout-column fusion_builder_column fusion-builder-column-11 fusion_builder_column_1_4 1_4 fusion-one-fourth fusion-column-first\" style=\"width:25%;width:calc(25% - ( ( 4% ) * 0.25 ) );margin-right: 4%;margin-top:0px;margin-bottom:0px;\"><div class=\"fusion-column-wrapper fusion-flex-column-wrapper-legacy\" style=\"background-position:left top;background-blend-mode: overlay;background-repeat:no-repeat;-webkit-background-size:cover;-moz-background-size:cover;-o-background-size:cover;background-size:cover;padding: 0px 0px 0px 0px;\"><style>.fusion-imageframe.imageframe-5 img{aspect-ratio:2 \/ 3;}<\/style><span class=\" fusion-imageframe imageframe-none imageframe-5 hover-type-none has-aspect-ratio\"><img decoding=\"async\" width=\"640\" height=\"427\" title=\"Saara Mildeberg\" src=\"https:\/\/fish-festival.de\/wp-content\/uploads\/2025\/03\/Saara-Mildeberg.jpeg\" data-orig-src=\"https:\/\/fish-festival.de\/wp-content\/uploads\/2025\/03\/Saara-Mildeberg.jpeg\" class=\"lazyload img-responsive wp-image-28581 img-with-aspect-ratio\" alt srcset=\"data:image\/svg+xml,%3Csvg%20xmlns%3D%27http%3A%2F%2Fwww.w3.org%2F2000%2Fsvg%27%20width%3D%27640%27%20height%3D%27427%27%20viewBox%3D%270%200%20640%20427%27%3E%3Crect%20width%3D%27640%27%20height%3D%27427%27%20fill-opacity%3D%220%22%2F%3E%3C%2Fsvg%3E\" data-srcset=\"https:\/\/fish-festival.de\/wp-content\/uploads\/2025\/03\/Saara-Mildeberg-200x133.jpeg 200w, https:\/\/fish-festival.de\/wp-content\/uploads\/2025\/03\/Saara-Mildeberg-400x267.jpeg 400w, https:\/\/fish-festival.de\/wp-content\/uploads\/2025\/03\/Saara-Mildeberg-600x400.jpeg 600w, https:\/\/fish-festival.de\/wp-content\/uploads\/2025\/03\/Saara-Mildeberg.jpeg 640w\" data-sizes=\"auto\" data-orig-sizes=\"(max-width: 1023px) 100vw, 400px\" \/><\/span><div class=\"fusion-clearfix\"><\/div><\/div><\/div><div class=\"fusion-layout-column fusion_builder_column fusion-builder-column-12 fusion_builder_column_3_4 3_4 fusion-three-fourth fusion-column-last\" style=\"width:75%;width:calc(75% - ( ( 4% ) * 0.75 ) );margin-top:0px;margin-bottom:0px;\"><div class=\"fusion-column-wrapper fusion-flex-column-wrapper-legacy\" style=\"background-position:left top;background-blend-mode: overlay;background-repeat:no-repeat;-webkit-background-size:cover;-moz-background-size:cover;-o-background-size:cover;background-size:cover;padding: 0px 0px 0px 0px;\"><style type=\"text\/css\"><\/style><div class=\"fusion-title title fusion-title-6 fusion-sep-none fusion-title-text fusion-title-size-three\" style=\"margin-top:0px;margin-right:0px;margin-bottom:0px;margin-left:0px;\"><h3 class=\"title-heading-left\" style=\"margin:0;\"><div class=\"page\" title=\"Page 68\">\n<div class=\"layoutArea\">\n<div class=\"column\">\n<p><strong>Saara Mildeberg <\/strong>| OFFshorts Moderation<\/p>\n<\/div>\n<p><\/div>\n<p><\/div>\n<p><\/h3><\/div><div class=\"fusion-text fusion-text-9\"><p>Freelance photographer and researcher at the University of Tallinn | born 1992 | lives in Tallinn<\/p>\n<\/div><div class=\"fusion-text fusion-text-10\"><p>Born and raised on the Baltic Sea, Saara lives and works in Tallinn as a freelance cultural critic and photographer as well as a researcher at the University of Tallinn. She not only writes about cultural events, but has also worked at various film festivals across Europe.<\/p>\n<\/div><div class=\"fusion-sep-clear\"><\/div><div class=\"fusion-separator fusion-has-icon fusion-full-width-sep\" style=\"margin-left: auto;margin-right: auto;margin-bottom:20px;width:100%;\"><\/div><div class=\"fusion-sep-clear\"><\/div><div class=\"fusion-clearfix\"><\/div><\/div><\/div><\/div><\/div>\n","protected":false},"excerpt":{"rendered":"","protected":false},"author":46,"featured_media":0,"parent":0,"menu_order":0,"comment_status":"closed","ping_status":"closed","template":"","meta":{"om_disable_all_campaigns":false,"_monsterinsights_skip_tracking":false,"_monsterinsights_sitenote_active":false,"_monsterinsights_sitenote_note":"","_monsterinsights_sitenote_category":0,"episode_type":"","audio_file":"","cover_image":"","cover_image_id":"","duration":"","filesize":"","date_recorded":"","explicit":"","block":"","filesize_raw":"","ngg_post_thumbnail":0,"footnotes":""},"class_list":["post-28790","page","type-page","status-publish","hentry"],"aioseo_notices":[],"yoast_head":"<!-- This site is optimized with the Yoast SEO plugin v20.0 - https:\/\/yoast.com\/wordpress\/plugins\/seo\/ -->\n<title>FiSH &ndash; Jury OFFShorts<\/title>\n<meta name=\"robots\" content=\"index, follow, max-snippet:-1, max-image-preview:large, max-video-preview:-1\" \/>\n<link rel=\"canonical\" href=\"https:\/\/fish-festival.de\/jury-offshorts\/\" \/>\n<meta property=\"og:locale\" content=\"en_US\" \/>\n<meta property=\"og:type\" content=\"article\" \/>\n<meta property=\"og:title\" content=\"FiSH &ndash; Jury OFFShorts\" \/>\n<meta property=\"og:url\" content=\"https:\/\/fish-festival.de\/jury-offshorts\/\" \/>\n<meta property=\"og:site_name\" content=\"FiSH\" \/>\n<meta property=\"article:publisher\" content=\"https:\/\/www.facebook.com\/fish.filmfestival\" \/>\n<meta property=\"article:modified_time\" content=\"2025-04-01T09:45:29+00:00\" \/>\n<meta name=\"twitter:label1\" content=\"Est. reading time\" \/>\n\t<meta name=\"twitter:data1\" content=\"14 minutes\" \/>\n<script type=\"application\/ld+json\" class=\"yoast-schema-graph\">{\"@context\":\"https:\/\/schema.org\",\"@graph\":[{\"@type\":\"WebPage\",\"@id\":\"https:\/\/fish-festival.de\/jury-offshorts\/\",\"url\":\"https:\/\/fish-festival.de\/jury-offshorts\/\",\"name\":\"FiSH &ndash; Jury OFFShorts\",\"isPartOf\":{\"@id\":\"https:\/\/fish-festival.de\/#website\"},\"datePublished\":\"2025-03-31T16:41:14+00:00\",\"dateModified\":\"2025-04-01T09:45:29+00:00\",\"breadcrumb\":{\"@id\":\"https:\/\/fish-festival.de\/jury-offshorts\/#breadcrumb\"},\"inLanguage\":\"en-US\",\"potentialAction\":[{\"@type\":\"ReadAction\",\"target\":[\"https:\/\/fish-festival.de\/jury-offshorts\/\"]}]},{\"@type\":\"BreadcrumbList\",\"@id\":\"https:\/\/fish-festival.de\/jury-offshorts\/#breadcrumb\",\"itemListElement\":[{\"@type\":\"ListItem\",\"position\":1,\"name\":\"Startseite\",\"item\":\"https:\/\/fish-festival.de\/en\/home\/\"},{\"@type\":\"ListItem\",\"position\":2,\"name\":\"Jury OFFShorts\"}]},{\"@type\":\"WebSite\",\"@id\":\"https:\/\/fish-festival.de\/#website\",\"url\":\"https:\/\/fish-festival.de\/\",\"name\":\"FiSH\",\"description\":\"\",\"publisher\":{\"@id\":\"https:\/\/fish-festival.de\/#organization\"},\"potentialAction\":[{\"@type\":\"SearchAction\",\"target\":{\"@type\":\"EntryPoint\",\"urlTemplate\":\"https:\/\/fish-festival.de\/?s={search_term_string}\"},\"query-input\":\"required name=search_term_string\"}],\"inLanguage\":\"en-US\"},{\"@type\":\"Organization\",\"@id\":\"https:\/\/fish-festival.de\/#organization\",\"name\":\"FiSH\",\"url\":\"https:\/\/fish-festival.de\/\",\"logo\":{\"@type\":\"ImageObject\",\"inLanguage\":\"en-US\",\"@id\":\"https:\/\/fish-festival.de\/#\/schema\/logo\/image\/\",\"url\":\"https:\/\/fish-festival.de\/wp-content\/uploads\/2021\/10\/FiSH21-Preisverleihung-5-1024x682.jpg\",\"contentUrl\":\"https:\/\/fish-festival.de\/wp-content\/uploads\/2021\/10\/FiSH21-Preisverleihung-5-1024x682.jpg\",\"width\":1024,\"height\":682,\"caption\":\"FiSH\"},\"image\":{\"@id\":\"https:\/\/fish-festival.de\/#\/schema\/logo\/image\/\"},\"sameAs\":[\"https:\/\/www.instagram.com\/fish_filmfestival\/\",\"https:\/\/www.youtube.com\/user\/FishFestival\",\"https:\/\/www.facebook.com\/fish.filmfestival\",\"https:\/\/twitter.com\/fishfestival\"]}]}<\/script>\n<!-- \/ Yoast SEO plugin. -->","yoast_head_json":{"title":"FiSH &ndash; Jury OFFShorts","robots":{"index":"index","follow":"follow","max-snippet":"max-snippet:-1","max-image-preview":"max-image-preview:large","max-video-preview":"max-video-preview:-1"},"canonical":"https:\/\/fish-festival.de\/jury-offshorts\/","og_locale":"en_US","og_type":"article","og_title":"FiSH &ndash; Jury OFFShorts","og_url":"https:\/\/fish-festival.de\/jury-offshorts\/","og_site_name":"FiSH","article_publisher":"https:\/\/www.facebook.com\/fish.filmfestival","article_modified_time":"2025-04-01T09:45:29+00:00","twitter_misc":{"Est. reading time":"14 minutes"},"schema":{"@context":"https:\/\/schema.org","@graph":[{"@type":"WebPage","@id":"https:\/\/fish-festival.de\/jury-offshorts\/","url":"https:\/\/fish-festival.de\/jury-offshorts\/","name":"FiSH &ndash; Jury OFFShorts","isPartOf":{"@id":"https:\/\/fish-festival.de\/#website"},"datePublished":"2025-03-31T16:41:14+00:00","dateModified":"2025-04-01T09:45:29+00:00","breadcrumb":{"@id":"https:\/\/fish-festival.de\/jury-offshorts\/#breadcrumb"},"inLanguage":"en-US","potentialAction":[{"@type":"ReadAction","target":["https:\/\/fish-festival.de\/jury-offshorts\/"]}]},{"@type":"BreadcrumbList","@id":"https:\/\/fish-festival.de\/jury-offshorts\/#breadcrumb","itemListElement":[{"@type":"ListItem","position":1,"name":"Startseite","item":"https:\/\/fish-festival.de\/en\/home\/"},{"@type":"ListItem","position":2,"name":"Jury OFFShorts"}]},{"@type":"WebSite","@id":"https:\/\/fish-festival.de\/#website","url":"https:\/\/fish-festival.de\/","name":"FiSH","description":"","publisher":{"@id":"https:\/\/fish-festival.de\/#organization"},"potentialAction":[{"@type":"SearchAction","target":{"@type":"EntryPoint","urlTemplate":"https:\/\/fish-festival.de\/?s={search_term_string}"},"query-input":"required name=search_term_string"}],"inLanguage":"en-US"},{"@type":"Organization","@id":"https:\/\/fish-festival.de\/#organization","name":"FiSH","url":"https:\/\/fish-festival.de\/","logo":{"@type":"ImageObject","inLanguage":"en-US","@id":"https:\/\/fish-festival.de\/#\/schema\/logo\/image\/","url":"https:\/\/fish-festival.de\/wp-content\/uploads\/2021\/10\/FiSH21-Preisverleihung-5-1024x682.jpg","contentUrl":"https:\/\/fish-festival.de\/wp-content\/uploads\/2021\/10\/FiSH21-Preisverleihung-5-1024x682.jpg","width":1024,"height":682,"caption":"FiSH"},"image":{"@id":"https:\/\/fish-festival.de\/#\/schema\/logo\/image\/"},"sameAs":["https:\/\/www.instagram.com\/fish_filmfestival\/","https:\/\/www.youtube.com\/user\/FishFestival","https:\/\/www.facebook.com\/fish.filmfestival","https:\/\/twitter.com\/fishfestival"]}]}},"_links":{"self":[{"href":"https:\/\/fish-festival.de\/en\/wp-json\/wp\/v2\/pages\/28790","targetHints":{"allow":["GET"]}}],"collection":[{"href":"https:\/\/fish-festival.de\/en\/wp-json\/wp\/v2\/pages"}],"about":[{"href":"https:\/\/fish-festival.de\/en\/wp-json\/wp\/v2\/types\/page"}],"author":[{"embeddable":true,"href":"https:\/\/fish-festival.de\/en\/wp-json\/wp\/v2\/users\/46"}],"replies":[{"embeddable":true,"href":"https:\/\/fish-festival.de\/en\/wp-json\/wp\/v2\/comments?post=28790"}],"version-history":[{"count":10,"href":"https:\/\/fish-festival.de\/en\/wp-json\/wp\/v2\/pages\/28790\/revisions"}],"predecessor-version":[{"id":30454,"href":"https:\/\/fish-festival.de\/en\/wp-json\/wp\/v2\/pages\/28790\/revisions\/30454"}],"wp:attachment":[{"href":"https:\/\/fish-festival.de\/en\/wp-json\/wp\/v2\/media?parent=28790"}],"curies":[{"name":"wp","href":"https:\/\/api.w.org\/{rel}","templated":true}]}}